{"id":235222,"date":"2024-02-07T23:30:31","date_gmt":"2024-02-07T22:30:31","guid":{"rendered":"https:\/\/ajcontemporary.com\/pl\/?page_id=235222"},"modified":"2024-04-18T19:50:44","modified_gmt":"2024-04-18T17:50:44","slug":"anima","status":"publish","type":"page","link":"https:\/\/ajcontemporary.com\/pl\/projekty\/anima\/","title":{"rendered":"ANIMA"},"content":{"rendered":"<p>[et_pb_section fb_built=&#8221;1&#8243; admin_label=&#8221;Projects&#8221; module_class=&#8221;under-menu&#8221; _builder_version=&#8221;4.24.3&#8243; _module_preset=&#8221;default&#8221; custom_margin=&#8221;||0px||false|false&#8221; custom_padding=&#8221;||0px||false|false&#8221; locked=&#8221;off&#8221; collapsed=&#8221;on&#8221; global_colors_info=&#8221;{}&#8221;][et_pb_row disabled_on=&#8221;on|on|on&#8221; _builder_version=&#8221;4.20.0&#8243; _module_preset=&#8221;default&#8221; disabled=&#8221;on&#8221; global_colors_info=&#8221;{}&#8221;][et_pb_column type=&#8221;4_4&#8243; _builder_version=&#8221;4.20.0&#8243; _module_preset=&#8221;default&#8221; global_colors_info=&#8221;{}&#8221;][et_pb_text _builder_version=&#8221;4.20.0&#8243; _module_preset=&#8221;acda6023-03df-4030-8f1e-2b0f65917d6e&#8221; global_colors_info=&#8221;{}&#8221;]<\/p>\n<h1>Portfolio<\/h1>\n<p>[\/et_pb_text][\/et_pb_column][\/et_pb_row][et_pb_row _builder_version=&#8221;4.22.2&#8243; _module_preset=&#8221;default&#8221; width=&#8221;70%&#8221; width_tablet=&#8221;80%&#8221; width_phone=&#8221;80%&#8221; width_last_edited=&#8221;on|tablet&#8221; global_colors_info=&#8221;{}&#8221;][et_pb_column type=&#8221;4_4&#8243; _builder_version=&#8221;4.20.0&#8243; _module_preset=&#8221;default&#8221; custom_padding_tablet=&#8221;||30px||false|false&#8221; custom_padding_phone=&#8221;||30px||false|false&#8221; custom_padding_last_edited=&#8221;on|tablet&#8221; global_colors_info=&#8221;{}&#8221;][et_pb_image src=&#8221;https:\/\/ajcontemporary.com\/pl\/wp-content\/uploads\/2024\/02\/cover_1-103-min.jpg&#8221; title_text=&#8221;cover_1-103-min&#8221; align=&#8221;center&#8221; _builder_version=&#8221;4.24.2&#8243; _module_preset=&#8221;default&#8221; max_height=&#8221;80vh&#8221; global_colors_info=&#8221;{}&#8221;][\/et_pb_image][et_pb_text disabled_on=&#8221;off|off|off&#8221; _builder_version=&#8221;4.22.2&#8243; _module_preset=&#8221;05d6806d-4997-4194-9560-03a10d900439&#8243; header_font=&#8221;Playfair Display|||on|||||&#8221; header_text_align=&#8221;center&#8221; header_text_color=&#8221;#000000&#8243; header_font_size=&#8221;55px&#8221; custom_margin=&#8221;||20px||false|false&#8221; header_font_size_tablet=&#8221;50px&#8221; header_font_size_phone=&#8221;40px&#8221; header_font_size_last_edited=&#8221;on|phone&#8221; global_colors_info=&#8221;{}&#8221;]<\/p>\n<h1>Anima<\/h1>\n<p>[\/et_pb_text][et_pb_text disabled_on=&#8221;off|off|off&#8221; _builder_version=&#8221;4.22.2&#8243; _module_preset=&#8221;f481d047-11cb-4a52-8542-8dd205a8bd24&#8243; custom_margin=&#8221;||50px||false|false&#8221; custom_margin_tablet=&#8221;||0px||false|false&#8221; custom_margin_phone=&#8221;||0px||false|false&#8221; custom_margin_last_edited=&#8221;on|phone&#8221; global_colors_info=&#8221;{}&#8221;]<\/p>\n<p dir=\"ltr\" style=\"text-align: left;\"><strong><span>Koncept<\/span>:<\/strong> <span>Agnieszka Jachym<br \/><strong>Choreografia:<\/strong> Agnieszka Jachym\u00a0| Iacopo Loliva<br \/><strong>Wykonanie:<\/strong> Iacopo Loliva<\/span><br \/><strong><span>Muzyka<\/span>:<\/strong> &#8222;Improvisacio 1-Live&#8221; Bobby McFerrin<span>\u00a0<\/span>| &#8222;Parola&#8221; Anna Caragano, Donato Dozzy<\/p>\n<p dir=\"ltr\" style=\"text-align: left;\"><strong>Premiera:<\/strong> <span style=\"font-weight: 400;\">20.07.2019 w\u00a0ramach Mi\u0119dzynarodowej Letniej Szko\u0142y Ta\u0144ca Wsp\u00f3\u0142czesnego w\u00a0Kosz\u0119cinie<\/span><br \/><b>Czas trwania:<\/b> ok. 12 minut<\/p>\n<p dir=\"ltr\" style=\"text-align: left;\"><span><br \/><\/span><span style=\"font-size: 16px;\">Anima i\u00a0animus nale\u017c\u0105 do teorii nie\u015bwiadomo\u015bci zbiorowej, kt\u00f3r\u0105 opisa\u0142a szko\u0142a psychologii analitycznej Carla Junga. Wed\u0142ug Junga, anima to nie\u015bwiadomy kobiecy aspekt m\u0119\u017cczyzny, a\u00a0animus\u00a0<\/span><span style=\"font-size: 16px;\">to nie\u015bwiadomy pierwiastek m\u0119\u017cczyzny w\u00a0kobiecie.<\/span><\/p>\n<p dir=\"ltr\" style=\"text-align: left;\"><span style=\"font-weight: 400;\">Choreografia jest podr\u00f3\u017c\u0105 po naszej psychice i ciele. Zadaje pytania, czy mo\u017cemy zamkn\u0105\u0107 to\u017csamo\u015b\u0107 w okre\u015blone ramy? Czy identyfikuj\u0105c si\u0119 z danym wyobra\u017ceniem o sobie, pozostajemy ze sob\u0105 szczerzy?<\/span><\/p>\n<p>[\/et_pb_text][\/et_pb_column][\/et_pb_row][et_pb_row _builder_version=&#8221;4.24.3&#8243; _module_preset=&#8221;default&#8221; width=&#8221;70%&#8221; width_tablet=&#8221;80%&#8221; width_phone=&#8221;80%&#8221; width_last_edited=&#8221;on|tablet&#8221; custom_margin=&#8221;||||false|false&#8221; custom_padding=&#8221;||||false|false&#8221; hover_enabled=&#8221;0&#8243; global_colors_info=&#8221;{}&#8221; sticky_enabled=&#8221;0&#8243;][et_pb_column type=&#8221;4_4&#8243; _builder_version=&#8221;4.22.2&#8243; _module_preset=&#8221;default&#8221; global_colors_info=&#8221;{}&#8221;][et_pb_gallery gallery_ids=&#8221;235208,235210,235212,235251,235207,235213,235214,235209&#8243; posts_number=&#8221;16&#8243; show_title_and_caption=&#8221;off&#8221; show_pagination=&#8221;off&#8221; zoom_icon_color=&#8221;#000000&#8243; hover_icon=&#8221;&#xe042;||divi||400&#8243; _builder_version=&#8221;4.22.2&#8243; _module_preset=&#8221;default&#8221; global_colors_info=&#8221;{}&#8221;][\/et_pb_gallery][\/et_pb_column][\/et_pb_row][\/et_pb_section][et_pb_section fb_built=&#8221;1&#8243; disabled_on=&#8221;off|off|on&#8221; _builder_version=&#8221;4.24.3&#8243; _module_preset=&#8221;default&#8221; custom_margin=&#8221;0px||0px||false|false&#8221; custom_padding=&#8221;0px||0px||false|false&#8221; global_colors_info=&#8221;{}&#8221;][et_pb_row _builder_version=&#8221;4.24.3&#8243; _module_preset=&#8221;default&#8221; width=&#8221;100%&#8221; max_width=&#8221;100%&#8221; custom_margin=&#8221;0px||0px||false|false&#8221; custom_padding=&#8221;0px||0px||false|false&#8221; global_colors_info=&#8221;{}&#8221;][et_pb_column type=&#8221;4_4&#8243; _builder_version=&#8221;4.24.3&#8243; _module_preset=&#8221;default&#8221; global_colors_info=&#8221;{}&#8221;][et_pb_text disabled_on=&#8221;off|off|on&#8221; _builder_version=&#8221;4.24.3&#8243; _module_preset=&#8221;default&#8221; text_text_color=&#8221;#999999&#8243; text_font_size=&#8221;11px&#8221; max_width=&#8221;445px&#8221; module_alignment=&#8221;left&#8221; custom_margin=&#8221;80px||25px||false|false&#8221; custom_padding=&#8221;||0px|30px|false|false&#8221; global_colors_info=&#8221;{}&#8221;]<\/p>\n<p><a href=\"https:\/\/ajcontemporary.com\/pl\/polityka-prywatnosci\" target=\"_blank\" rel=\"noopener noreferrer\" style=\"font-weight: normal; color: #999; text-align: justify!important;\">Polityka Prywatno\u015bci<\/a> | <a href=\"https:\/\/ajcontemporary.com\/pl\/polityka-cookies\" target=\"_blank\" rel=\"noopener noreferrer\" style=\"font-weight: normal; color: #999; text-align: justify!important;\">Polityka cookies<\/a><\/p>\n<p>[\/et_pb_text][\/et_pb_column][\/et_pb_row][\/et_pb_section]<\/p>\n","protected":false},"excerpt":{"rendered":"<p>PortfolioAnimaKoncept: Agnieszka JachymChoreografia: Agnieszka Jachym\u00a0| Iacopo LolivaWykonanie: Iacopo LolivaMuzyka: &#8222;Improvisacio 1-Live&#8221; Bobby McFerrin\u00a0| &#8222;Parola&#8221; Anna Caragano, Donato Dozzy Premiera: 20.07.2019 w\u00a0ramach Mi\u0119dzynarodowej Letniej Szko\u0142y Ta\u0144ca Wsp\u00f3\u0142czesnego w\u00a0Kosz\u0119cinieCzas trwania: ok. 12 minut Anima i\u00a0animus nale\u017c\u0105 do teorii nie\u015bwiadomo\u015bci zbiorowej, kt\u00f3r\u0105 opisa\u0142a szko\u0142a psychologii analitycznej Carla Junga. Wed\u0142ug Junga, anima to nie\u015bwiadomy kobiecy aspekt m\u0119\u017cczyzny, a\u00a0animus\u00a0to nie\u015bwiadomy [&hellip;]<\/p>\n","protected":false},"author":1,"featured_media":235215,"parent":235076,"menu_order":0,"comment_status":"closed","ping_status":"closed","template":"","meta":{"_et_pb_use_builder":"on","_et_pb_old_content":"","_et_gb_content_width":"","inline_featured_image":false,"footnotes":""},"class_list":["post-235222","page","type-page","status-publish","has-post-thumbnail","hentry"],"yoast_head":"<!-- This site is optimized with the Yoast SEO plugin v26.8 - https:\/\/yoast.com\/product\/yoast-seo-wordpress\/ -->\n<title>ANIMA - ajcontemporary.com\/pl<\/title>\n<meta name=\"description\" content=\"Anima i animus nale\u017c\u0105 do teorii nie\u015bwiadomo\u015bci zbiorowej, kt\u00f3r\u0105 opisa\u0142a szko\u0142a psychologii analitycznej Carla Junga. Wed\u0142ug Junga, anima ...\" \/>\n<meta name=\"robots\" content=\"index, follow, max-snippet:-1, max-image-preview:large, max-video-preview:-1\" \/>\n<link rel=\"canonical\" href=\"https:\/\/ajcontemporary.com\/pl\/projekty\/anima\/\" \/>\n<meta property=\"og:locale\" content=\"pl_PL\" \/>\n<meta property=\"og:type\" content=\"article\" \/>\n<meta property=\"og:title\" content=\"ANIMA - ajcontemporary.com\/pl\" \/>\n<meta property=\"og:description\" content=\"Anima i animus nale\u017c\u0105 do teorii nie\u015bwiadomo\u015bci zbiorowej, kt\u00f3r\u0105 opisa\u0142a szko\u0142a psychologii analitycznej Carla Junga. Wed\u0142ug Junga, anima ...\" \/>\n<meta property=\"og:url\" content=\"https:\/\/ajcontemporary.com\/pl\/projekty\/anima\/\" \/>\n<meta property=\"og:site_name\" content=\"ajcontemporary.com\/pl\" \/>\n<meta property=\"article:modified_time\" content=\"2024-04-18T17:50:44+00:00\" \/>\n<meta property=\"og:image\" content=\"https:\/\/ajcontemporary.com\/pl\/wp-content\/uploads\/2024\/02\/cover_1-103-min.jpg\" \/>\n\t<meta property=\"og:image:width\" content=\"1000\" \/>\n\t<meta property=\"og:image:height\" content=\"667\" \/>\n\t<meta property=\"og:image:type\" content=\"image\/jpeg\" \/>\n<meta name=\"twitter:card\" content=\"summary_large_image\" \/>\n<meta name=\"twitter:label1\" content=\"Szacowany czas czytania\" \/>\n\t<meta name=\"twitter:data1\" content=\"3 minuty\" \/>\n<script type=\"application\/ld+json\" class=\"yoast-schema-graph\">{\"@context\":\"https:\/\/schema.org\",\"@graph\":[{\"@type\":\"WebPage\",\"@id\":\"https:\/\/ajcontemporary.com\/pl\/projekty\/anima\/\",\"url\":\"https:\/\/ajcontemporary.com\/pl\/projekty\/anima\/\",\"name\":\"ANIMA - ajcontemporary.com\/pl\",\"isPartOf\":{\"@id\":\"https:\/\/ajcontemporary.com\/pl\/#website\"},\"primaryImageOfPage\":{\"@id\":\"https:\/\/ajcontemporary.com\/pl\/projekty\/anima\/#primaryimage\"},\"image\":{\"@id\":\"https:\/\/ajcontemporary.com\/pl\/projekty\/anima\/#primaryimage\"},\"thumbnailUrl\":\"https:\/\/ajcontemporary.com\/pl\/wp-content\/uploads\/2024\/02\/cover_1-103-min.jpg\",\"datePublished\":\"2024-02-07T22:30:31+00:00\",\"dateModified\":\"2024-04-18T17:50:44+00:00\",\"description\":\"Anima i animus nale\u017c\u0105 do teorii nie\u015bwiadomo\u015bci zbiorowej, kt\u00f3r\u0105 opisa\u0142a szko\u0142a psychologii analitycznej Carla Junga. Wed\u0142ug Junga, anima ...\",\"breadcrumb\":{\"@id\":\"https:\/\/ajcontemporary.com\/pl\/projekty\/anima\/#breadcrumb\"},\"inLanguage\":\"pl-PL\",\"potentialAction\":[{\"@type\":\"ReadAction\",\"target\":[\"https:\/\/ajcontemporary.com\/pl\/projekty\/anima\/\"]}]},{\"@type\":\"ImageObject\",\"inLanguage\":\"pl-PL\",\"@id\":\"https:\/\/ajcontemporary.com\/pl\/projekty\/anima\/#primaryimage\",\"url\":\"https:\/\/ajcontemporary.com\/pl\/wp-content\/uploads\/2024\/02\/cover_1-103-min.jpg\",\"contentUrl\":\"https:\/\/ajcontemporary.com\/pl\/wp-content\/uploads\/2024\/02\/cover_1-103-min.jpg\",\"width\":1000,\"height\":667,\"caption\":\"fot. Monika Cegie\u0142kowska\"},{\"@type\":\"BreadcrumbList\",\"@id\":\"https:\/\/ajcontemporary.com\/pl\/projekty\/anima\/#breadcrumb\",\"itemListElement\":[{\"@type\":\"ListItem\",\"position\":1,\"name\":\"Home\",\"item\":\"https:\/\/ajcontemporary.com\/pl\/\"},{\"@type\":\"ListItem\",\"position\":2,\"name\":\"Projekty\",\"item\":\"https:\/\/ajcontemporary.com\/pl\/projekty\/\"},{\"@type\":\"ListItem\",\"position\":3,\"name\":\"ANIMA\"}]},{\"@type\":\"WebSite\",\"@id\":\"https:\/\/ajcontemporary.com\/pl\/#website\",\"url\":\"https:\/\/ajcontemporary.com\/pl\/\",\"name\":\"ajcontemporary.com\/pl\",\"description\":\"Dancer&amp;Choreographer\",\"publisher\":{\"@id\":\"https:\/\/ajcontemporary.com\/pl\/#organization\"},\"potentialAction\":[{\"@type\":\"SearchAction\",\"target\":{\"@type\":\"EntryPoint\",\"urlTemplate\":\"https:\/\/ajcontemporary.com\/pl\/?s={search_term_string}\"},\"query-input\":{\"@type\":\"PropertyValueSpecification\",\"valueRequired\":true,\"valueName\":\"search_term_string\"}}],\"inLanguage\":\"pl-PL\"},{\"@type\":\"Organization\",\"@id\":\"https:\/\/ajcontemporary.com\/pl\/#organization\",\"name\":\"Roll&Roll - SUSHI | RAMEN | BAR\",\"url\":\"https:\/\/ajcontemporary.com\/pl\/\",\"logo\":{\"@type\":\"ImageObject\",\"inLanguage\":\"pl-PL\",\"@id\":\"https:\/\/ajcontemporary.com\/pl\/#\/schema\/logo\/image\/\",\"url\":\"\",\"contentUrl\":\"\",\"caption\":\"Roll&Roll - SUSHI | RAMEN | BAR\"},\"image\":{\"@id\":\"https:\/\/ajcontemporary.com\/pl\/#\/schema\/logo\/image\/\"}}]}<\/script>\n<!-- \/ Yoast SEO plugin. -->","yoast_head_json":{"title":"ANIMA - ajcontemporary.com\/pl","description":"Anima i animus nale\u017c\u0105 do teorii nie\u015bwiadomo\u015bci zbiorowej, kt\u00f3r\u0105 opisa\u0142a szko\u0142a psychologii analitycznej Carla Junga. Wed\u0142ug Junga, anima ...","robots":{"index":"index","follow":"follow","max-snippet":"max-snippet:-1","max-image-preview":"max-image-preview:large","max-video-preview":"max-video-preview:-1"},"canonical":"https:\/\/ajcontemporary.com\/pl\/projekty\/anima\/","og_locale":"pl_PL","og_type":"article","og_title":"ANIMA - ajcontemporary.com\/pl","og_description":"Anima i animus nale\u017c\u0105 do teorii nie\u015bwiadomo\u015bci zbiorowej, kt\u00f3r\u0105 opisa\u0142a szko\u0142a psychologii analitycznej Carla Junga. Wed\u0142ug Junga, anima ...","og_url":"https:\/\/ajcontemporary.com\/pl\/projekty\/anima\/","og_site_name":"ajcontemporary.com\/pl","article_modified_time":"2024-04-18T17:50:44+00:00","og_image":[{"width":1000,"height":667,"url":"https:\/\/ajcontemporary.com\/pl\/wp-content\/uploads\/2024\/02\/cover_1-103-min.jpg","type":"image\/jpeg"}],"twitter_card":"summary_large_image","twitter_misc":{"Szacowany czas czytania":"3 minuty"},"schema":{"@context":"https:\/\/schema.org","@graph":[{"@type":"WebPage","@id":"https:\/\/ajcontemporary.com\/pl\/projekty\/anima\/","url":"https:\/\/ajcontemporary.com\/pl\/projekty\/anima\/","name":"ANIMA - ajcontemporary.com\/pl","isPartOf":{"@id":"https:\/\/ajcontemporary.com\/pl\/#website"},"primaryImageOfPage":{"@id":"https:\/\/ajcontemporary.com\/pl\/projekty\/anima\/#primaryimage"},"image":{"@id":"https:\/\/ajcontemporary.com\/pl\/projekty\/anima\/#primaryimage"},"thumbnailUrl":"https:\/\/ajcontemporary.com\/pl\/wp-content\/uploads\/2024\/02\/cover_1-103-min.jpg","datePublished":"2024-02-07T22:30:31+00:00","dateModified":"2024-04-18T17:50:44+00:00","description":"Anima i animus nale\u017c\u0105 do teorii nie\u015bwiadomo\u015bci zbiorowej, kt\u00f3r\u0105 opisa\u0142a szko\u0142a psychologii analitycznej Carla Junga. Wed\u0142ug Junga, anima ...","breadcrumb":{"@id":"https:\/\/ajcontemporary.com\/pl\/projekty\/anima\/#breadcrumb"},"inLanguage":"pl-PL","potentialAction":[{"@type":"ReadAction","target":["https:\/\/ajcontemporary.com\/pl\/projekty\/anima\/"]}]},{"@type":"ImageObject","inLanguage":"pl-PL","@id":"https:\/\/ajcontemporary.com\/pl\/projekty\/anima\/#primaryimage","url":"https:\/\/ajcontemporary.com\/pl\/wp-content\/uploads\/2024\/02\/cover_1-103-min.jpg","contentUrl":"https:\/\/ajcontemporary.com\/pl\/wp-content\/uploads\/2024\/02\/cover_1-103-min.jpg","width":1000,"height":667,"caption":"fot. Monika Cegie\u0142kowska"},{"@type":"BreadcrumbList","@id":"https:\/\/ajcontemporary.com\/pl\/projekty\/anima\/#breadcrumb","itemListElement":[{"@type":"ListItem","position":1,"name":"Home","item":"https:\/\/ajcontemporary.com\/pl\/"},{"@type":"ListItem","position":2,"name":"Projekty","item":"https:\/\/ajcontemporary.com\/pl\/projekty\/"},{"@type":"ListItem","position":3,"name":"ANIMA"}]},{"@type":"WebSite","@id":"https:\/\/ajcontemporary.com\/pl\/#website","url":"https:\/\/ajcontemporary.com\/pl\/","name":"ajcontemporary.com\/pl","description":"Dancer&amp;Choreographer","publisher":{"@id":"https:\/\/ajcontemporary.com\/pl\/#organization"},"potentialAction":[{"@type":"SearchAction","target":{"@type":"EntryPoint","urlTemplate":"https:\/\/ajcontemporary.com\/pl\/?s={search_term_string}"},"query-input":{"@type":"PropertyValueSpecification","valueRequired":true,"valueName":"search_term_string"}}],"inLanguage":"pl-PL"},{"@type":"Organization","@id":"https:\/\/ajcontemporary.com\/pl\/#organization","name":"Roll&Roll - SUSHI | RAMEN | BAR","url":"https:\/\/ajcontemporary.com\/pl\/","logo":{"@type":"ImageObject","inLanguage":"pl-PL","@id":"https:\/\/ajcontemporary.com\/pl\/#\/schema\/logo\/image\/","url":"","contentUrl":"","caption":"Roll&Roll - SUSHI | RAMEN | BAR"},"image":{"@id":"https:\/\/ajcontemporary.com\/pl\/#\/schema\/logo\/image\/"}}]}},"_links":{"self":[{"href":"https:\/\/ajcontemporary.com\/pl\/wp-json\/wp\/v2\/pages\/235222","targetHints":{"allow":["GET"]}}],"collection":[{"href":"https:\/\/ajcontemporary.com\/pl\/wp-json\/wp\/v2\/pages"}],"about":[{"href":"https:\/\/ajcontemporary.com\/pl\/wp-json\/wp\/v2\/types\/page"}],"author":[{"embeddable":true,"href":"https:\/\/ajcontemporary.com\/pl\/wp-json\/wp\/v2\/users\/1"}],"replies":[{"embeddable":true,"href":"https:\/\/ajcontemporary.com\/pl\/wp-json\/wp\/v2\/comments?post=235222"}],"version-history":[{"count":15,"href":"https:\/\/ajcontemporary.com\/pl\/wp-json\/wp\/v2\/pages\/235222\/revisions"}],"predecessor-version":[{"id":235678,"href":"https:\/\/ajcontemporary.com\/pl\/wp-json\/wp\/v2\/pages\/235222\/revisions\/235678"}],"up":[{"embeddable":true,"href":"https:\/\/ajcontemporary.com\/pl\/wp-json\/wp\/v2\/pages\/235076"}],"wp:featuredmedia":[{"embeddable":true,"href":"https:\/\/ajcontemporary.com\/pl\/wp-json\/wp\/v2\/media\/235215"}],"wp:attachment":[{"href":"https:\/\/ajcontemporary.com\/pl\/wp-json\/wp\/v2\/media?parent=235222"}],"curies":[{"name":"wp","href":"https:\/\/api.w.org\/{rel}","templated":true}]}}