{"id":235176,"date":"2024-01-29T20:38:06","date_gmt":"2024-01-29T19:38:06","guid":{"rendered":"https:\/\/ajcontemporary.com\/pl\/?page_id=235176"},"modified":"2024-04-18T20:00:11","modified_gmt":"2024-04-18T18:00:11","slug":"getto-krakowskie","status":"publish","type":"page","link":"https:\/\/ajcontemporary.com\/pl\/projekty\/getto-krakowskie\/","title":{"rendered":"GETTO KRAKOWSKIE"},"content":{"rendered":"<p>[et_pb_section fb_built=&#8221;1&#8243; admin_label=&#8221;Projects&#8221; module_class=&#8221;under-menu&#8221; _builder_version=&#8221;4.24.3&#8243; _module_preset=&#8221;default&#8221; custom_margin=&#8221;||0px||false|false&#8221; custom_padding=&#8221;||0px|0px|false|false&#8221; locked=&#8221;off&#8221; collapsed=&#8221;on&#8221; global_colors_info=&#8221;{}&#8221;][et_pb_row disabled_on=&#8221;on|on|on&#8221; _builder_version=&#8221;4.20.0&#8243; _module_preset=&#8221;default&#8221; disabled=&#8221;on&#8221; global_colors_info=&#8221;{}&#8221;][et_pb_column type=&#8221;4_4&#8243; _builder_version=&#8221;4.20.0&#8243; _module_preset=&#8221;default&#8221; global_colors_info=&#8221;{}&#8221;][et_pb_text _builder_version=&#8221;4.20.0&#8243; _module_preset=&#8221;acda6023-03df-4030-8f1e-2b0f65917d6e&#8221; global_colors_info=&#8221;{}&#8221;]<\/p>\n<h1>Portfolio<\/h1>\n<p>[\/et_pb_text][\/et_pb_column][\/et_pb_row][et_pb_row _builder_version=&#8221;4.22.2&#8243; _module_preset=&#8221;default&#8221; width=&#8221;70%&#8221; width_tablet=&#8221;80%&#8221; width_phone=&#8221;80%&#8221; width_last_edited=&#8221;on|tablet&#8221; global_colors_info=&#8221;{}&#8221;][et_pb_column type=&#8221;4_4&#8243; _builder_version=&#8221;4.20.0&#8243; _module_preset=&#8221;default&#8221; custom_padding_tablet=&#8221;||30px||false|false&#8221; custom_padding_phone=&#8221;||30px||false|false&#8221; custom_padding_last_edited=&#8221;on|tablet&#8221; global_colors_info=&#8221;{}&#8221;][et_pb_image src=&#8221;https:\/\/ajcontemporary.com\/pl\/wp-content\/uploads\/2024\/01\/Adam-Mikolajczyk.jpg&#8221; title_text=&#8221;fot. Adam Miko\u0142ajczyk&#8221; align=&#8221;center&#8221; _builder_version=&#8221;4.24.2&#8243; _module_preset=&#8221;default&#8221; max_height=&#8221;80vh&#8221; global_colors_info=&#8221;{}&#8221;][\/et_pb_image][et_pb_text disabled_on=&#8221;off|off|off&#8221; _builder_version=&#8221;4.24.3&#8243; _module_preset=&#8221;05d6806d-4997-4194-9560-03a10d900439&#8243; header_font=&#8221;Playfair Display||||||||&#8221; header_text_align=&#8221;center&#8221; header_text_color=&#8221;#000000&#8243; header_font_size=&#8221;4vw&#8221; header_line_height=&#8221;1.3em&#8221; custom_margin=&#8221;||20px||false|false&#8221; header_font_size_tablet=&#8221;6vw&#8221; header_font_size_phone=&#8221;7vw&#8221; header_font_size_last_edited=&#8221;on|phone&#8221; global_colors_info=&#8221;{}&#8221;]<\/p>\n<h1>Getto krakowskie<\/h1>\n<p>[\/et_pb_text][et_pb_text disabled_on=&#8221;off|off|off&#8221; _builder_version=&#8221;4.24.3&#8243; _module_preset=&#8221;f481d047-11cb-4a52-8542-8dd205a8bd24&#8243; custom_margin=&#8221;||50px||false|false&#8221; custom_margin_tablet=&#8221;||0px||false|false&#8221; custom_margin_phone=&#8221;||0px||false|false&#8221; custom_margin_last_edited=&#8221;on|phone&#8221; hover_enabled=&#8221;0&#8243; global_colors_info=&#8221;{}&#8221; sticky_enabled=&#8221;0&#8243;]<strong style=\"font-size: 16px;\"><b>Koncept | Choreografia:<\/b><\/strong><span style=\"font-size: 16px;\">\u00a0<\/span><span style=\"font-size: 16px;\">Agnieszka Jachym<br \/>\n<\/span><span><b>Tancerze:<\/b> Matina Caiafa | Kenan Dinkelmann | Annabel Koele | Iacopo Loliva | Karol Mi\u0119kina | Changik Oh | Natalia Palshina | Lorenzo Ponteprimo<\/span><br \/>\n<strong><span>Muzyka<\/span>:<\/strong> <span style=\"font-weight: 400;\">kola\u017c, m.in<\/span><span> &#8222;E lucevan le stelle&#8221; z\u00a0opery <em>Tosca<\/em> Giacomo Pucciniego, &#8222;Baer&#8221; Hildur Gu\u00f0nad\u00f3ttir<\/span><\/p>\n<p dir=\"ltr\" style=\"text-align: left;\"><strong>Premiera:<\/strong> <span>10.03.2018, <span style=\"font-weight: 400;\">Teatr Nowy Proxima w&nbsp;Krakowie<\/span><br \/>\n<\/span><strong>Czas trwania:<\/strong> <span style=\"font-weight: 400;\">ok. 80 minut<\/span><\/p>\n<p dir=\"ltr\" style=\"text-align: left;\"><span style=\"font-weight: 400;\">Wsp\u00f3\u0142praca: Fundacja Jewrnalism<\/span><br \/>\n<span style=\"font-weight: 400;\">Dofinansowano z&nbsp;bud\u017cetu Miasta Krakowa.<\/span><\/p>\n<p><span><\/span><span style=\"font-size: 16px;\"><\/span><\/p>\n<p><i><span style=\"font-weight: 400;\">Getto krakowskie<\/span><\/i><span style=\"font-weight: 400;\"> ukazuje kontrast \u017cycia mieszka\u0144c\u00f3w Krakowa w&nbsp;czasach II&nbsp;wojny \u015bwiatowej. Pierwsza perspektywa prezentuje \u017cycie przed jej wybuchem, kolejna za\u015b ich egzystencj\u0119 tu\u017c po tym wydarzeniu &#8211; odmienn\u0105 i&nbsp;trudn\u0105 do wyobra\u017cenia.<br \/>\n<\/span><span style=\"font-weight: 400;\">Fabu\u0142a opowiada o&nbsp;prze\u017cyciach ofiar Holokaustu, widzimy sceny z&nbsp;getta krakowskiego oraz z&nbsp;obozu w\u00a0P\u0142aszowie. G\u0142\u00f3d, ch\u0142\u00f3d oraz strach przed utrat\u0105 \u017cycia, bliskich czy w\u0142asnej godno\u015bci, determinuj\u0105 zachowania ludzi w&nbsp;tamtych czasach.<\/span><span style=\"font-size: 16px;\">\u00a0<\/span><br \/>\n<span>\u00a0<\/span><span style=\"color: #000000; font-family: arial, sans-serif;\"><br \/>\n<\/span><span class=\"im\"><span>&#8222;Tutaj jednak niczego nie mo\u017cna chcie\u0107 albo nie chcie\u0107. Umiera si\u0119, kiedy chce si\u0119 \u017cy\u0107, a&nbsp;\u017cyje si\u0119, kiedy pragnienie \u017cycia mija.&#8221;<\/span><span style=\"font-size: 16px;\">\u00a0<\/span><br \/>\n<span>\u00a0<\/span><span style=\"color: #000000; font-family: arial, sans-serif;\"><br \/>\n<\/span><span class=\"im\"><span>Spektakl inspirowany wspomnieniami Stelli M\u00fcller-Madej (<\/span><i><span style=\"font-weight: 400;\">Dziewczynka z&nbsp;listy Schindlera. Oczami dziecka<\/span><\/i><span style=\"font-weight: 400;\">) powsta\u0142 z&nbsp;my\u015bl\u0105 o&nbsp;75.&nbsp;rocznicy likwidacji getta krakowskiego w&nbsp;marcu 2018 roku.<br \/>\n<\/span><span style=\"font-weight: 400;\">Wykonawcami spektaklu s\u0105 tancerze r\u00f3\u017cnych narodowo\u015bci, co podkre\u015bla jeden z&nbsp;cel\u00f3w projektu, jakim jest szerzenie tolerancji dla odmiennych nacji czy kultur w\u015br\u00f3d spo\u0142ecze\u0144stwa.<\/span><span class=\"im\"><\/span><\/span><\/span><\/p>\n<p dir=\"ltr\"><span><\/span><\/p>\n<p dir=\"ltr\"><span><\/span><\/p>\n<p dir=\"ltr\"><span><b>TRAILER: <\/b><a href=\"https:\/\/vimeo.com\/274949681\" target=\"_blank\" data-saferedirecturl=\"https:\/\/www.google.com\/url?q=https:\/\/vimeo.com\/274949681&amp;source=gmail&amp;ust=1697727298420000&amp;usg=AOvVaw22C6gimC8b-s9WqZ5G9oSJ\" rel=\"noopener\">https:\/\/vimeo.com\/274949681<\/a><\/span><\/p>\n<p>[\/et_pb_text][et_pb_code _builder_version=&#8221;4.22.2&#8243; _module_preset=&#8221;default&#8221; custom_margin=&#8221;||50px|||&#8221; global_colors_info=&#8221;{}&#8221;]<iframe src=\"https:\/\/player.vimeo.com\/video\/274949681?h=ac041195f2\" width=\"640\" height=\"360\" frameborder=\"0\" allow=\"autoplay; fullscreen; picture-in-picture\" allowfullscreen><\/iframe>[\/et_pb_code][\/et_pb_column][\/et_pb_row][et_pb_row _builder_version=&#8221;4.24.3&#8243; _module_preset=&#8221;default&#8221; width=&#8221;70%&#8221; width_tablet=&#8221;80%&#8221; width_phone=&#8221;80%&#8221; width_last_edited=&#8221;on|tablet&#8221; custom_margin=&#8221;||||false|false&#8221; custom_padding=&#8221;||||false|false&#8221; global_colors_info=&#8221;{}&#8221;][et_pb_column type=&#8221;4_4&#8243; _builder_version=&#8221;4.22.2&#8243; _module_preset=&#8221;default&#8221; global_colors_info=&#8221;{}&#8221;][et_pb_gallery gallery_ids=&#8221;235163,235162,235161,235160,235159,235158,235157,235156,235155,235154,235153,235152,235151,235150&#8243; posts_number=&#8221;16&#8243; show_title_and_caption=&#8221;off&#8221; show_pagination=&#8221;off&#8221; zoom_icon_color=&#8221;#000000&#8243; hover_icon=&#8221;&#xe042;||divi||400&#8243; _builder_version=&#8221;4.22.2&#8243; _module_preset=&#8221;default&#8221; global_colors_info=&#8221;{}&#8221;][\/et_pb_gallery][\/et_pb_column][\/et_pb_row][\/et_pb_section][et_pb_section fb_built=&#8221;1&#8243; disabled_on=&#8221;off|off|on&#8221; _builder_version=&#8221;4.24.3&#8243; _module_preset=&#8221;default&#8221; custom_margin=&#8221;0px||0px||false|false&#8221; custom_padding=&#8221;0px||0px||false|false&#8221; global_colors_info=&#8221;{}&#8221;][et_pb_row _builder_version=&#8221;4.24.3&#8243; _module_preset=&#8221;default&#8221; width=&#8221;100%&#8221; max_width=&#8221;100%&#8221; custom_margin=&#8221;0px||0px||false|false&#8221; custom_padding=&#8221;0px||0px||false|false&#8221; global_colors_info=&#8221;{}&#8221;][et_pb_column type=&#8221;4_4&#8243; _builder_version=&#8221;4.24.3&#8243; _module_preset=&#8221;default&#8221; global_colors_info=&#8221;{}&#8221;][et_pb_text disabled_on=&#8221;off|off|on&#8221; _builder_version=&#8221;4.24.3&#8243; _module_preset=&#8221;default&#8221; text_text_color=&#8221;#999999&#8243; text_font_size=&#8221;11px&#8221; max_width=&#8221;445px&#8221; module_alignment=&#8221;left&#8221; custom_margin=&#8221;80px||25px||false|false&#8221; custom_padding=&#8221;||0px|30px|false|false&#8221; global_colors_info=&#8221;{}&#8221;]<\/p>\n<p><a href=\"https:\/\/ajcontemporary.com\/pl\/polityka-prywatnosci\" target=\"_blank\" rel=\"noopener noreferrer\" style=\"font-weight: normal; color: #999; text-align: justify!important;\">Polityka Prywatno\u015bci<\/a> | <a href=\"https:\/\/ajcontemporary.com\/pl\/polityka-cookies\" target=\"_blank\" rel=\"noopener noreferrer\" style=\"font-weight: normal; color: #999; text-align: justify!important;\">Polityka cookies<\/a><\/p>\n<p>[\/et_pb_text][\/et_pb_column][\/et_pb_row][\/et_pb_section]<\/p>\n","protected":false},"excerpt":{"rendered":"<p>PortfolioGetto krakowskieKoncept | Choreografia:\u00a0Agnieszka Jachym Tancerze: Matina Caiafa | Kenan Dinkelmann | Annabel Koele | Iacopo Loliva | Karol Mi\u0119kina | Changik Oh | Natalia Palshina | Lorenzo Ponteprimo Muzyka: kola\u017c, m.in &#8222;E lucevan le stelle&#8221; z\u00a0opery Tosca Giacomo Pucciniego, &#8222;Baer&#8221; Hildur Gu\u00f0nad\u00f3ttir Premiera: 10.03.2018, Teatr Nowy Proxima w&nbsp;Krakowie Czas trwania: ok. 80 minut Wsp\u00f3\u0142praca: [&hellip;]<\/p>\n","protected":false},"author":1,"featured_media":235161,"parent":235076,"menu_order":0,"comment_status":"closed","ping_status":"closed","template":"","meta":{"_et_pb_use_builder":"on","_et_pb_old_content":"","_et_gb_content_width":"","inline_featured_image":false,"footnotes":""},"class_list":["post-235176","page","type-page","status-publish","has-post-thumbnail","hentry"],"yoast_head":"<!-- This site is optimized with the Yoast SEO plugin v26.8 - https:\/\/yoast.com\/product\/yoast-seo-wordpress\/ -->\n<title>GETTO KRAKOWSKIE - ajcontemporary.com\/pl<\/title>\n<meta name=\"description\" content=\"Getto krakowskie ukazuje kontrast \u017cycia mieszka\u0144c\u00f3w Krakowa w czasach II wojny \u015bwiatowej. Pierwsza perspektywa prezentuje \u017cycie ...\" \/>\n<meta name=\"robots\" content=\"index, follow, max-snippet:-1, max-image-preview:large, max-video-preview:-1\" \/>\n<link rel=\"canonical\" href=\"https:\/\/ajcontemporary.com\/pl\/projekty\/getto-krakowskie\/\" \/>\n<meta property=\"og:locale\" content=\"pl_PL\" \/>\n<meta property=\"og:type\" content=\"article\" \/>\n<meta property=\"og:title\" content=\"GETTO KRAKOWSKIE - ajcontemporary.com\/pl\" \/>\n<meta property=\"og:description\" content=\"Getto krakowskie ukazuje kontrast \u017cycia mieszka\u0144c\u00f3w Krakowa w czasach II wojny \u015bwiatowej. Pierwsza perspektywa prezentuje \u017cycie ...\" \/>\n<meta property=\"og:url\" content=\"https:\/\/ajcontemporary.com\/pl\/projekty\/getto-krakowskie\/\" \/>\n<meta property=\"og:site_name\" content=\"ajcontemporary.com\/pl\" \/>\n<meta property=\"article:modified_time\" content=\"2024-04-18T18:00:11+00:00\" \/>\n<meta property=\"og:image\" content=\"https:\/\/ajcontemporary.com\/pl\/wp-content\/uploads\/2024\/01\/Adam-Mikolajczyk.jpg\" \/>\n\t<meta property=\"og:image:width\" content=\"1000\" \/>\n\t<meta property=\"og:image:height\" content=\"667\" \/>\n\t<meta property=\"og:image:type\" content=\"image\/jpeg\" \/>\n<meta name=\"twitter:card\" content=\"summary_large_image\" \/>\n<meta name=\"twitter:label1\" content=\"Szacowany czas czytania\" \/>\n\t<meta name=\"twitter:data1\" content=\"5 minut\" \/>\n<script type=\"application\/ld+json\" class=\"yoast-schema-graph\">{\"@context\":\"https:\/\/schema.org\",\"@graph\":[{\"@type\":\"WebPage\",\"@id\":\"https:\/\/ajcontemporary.com\/pl\/projekty\/getto-krakowskie\/\",\"url\":\"https:\/\/ajcontemporary.com\/pl\/projekty\/getto-krakowskie\/\",\"name\":\"GETTO KRAKOWSKIE - ajcontemporary.com\/pl\",\"isPartOf\":{\"@id\":\"https:\/\/ajcontemporary.com\/pl\/#website\"},\"primaryImageOfPage\":{\"@id\":\"https:\/\/ajcontemporary.com\/pl\/projekty\/getto-krakowskie\/#primaryimage\"},\"image\":{\"@id\":\"https:\/\/ajcontemporary.com\/pl\/projekty\/getto-krakowskie\/#primaryimage\"},\"thumbnailUrl\":\"https:\/\/ajcontemporary.com\/pl\/wp-content\/uploads\/2024\/01\/Adam-Mikolajczyk.jpg\",\"datePublished\":\"2024-01-29T19:38:06+00:00\",\"dateModified\":\"2024-04-18T18:00:11+00:00\",\"description\":\"Getto krakowskie ukazuje kontrast \u017cycia mieszka\u0144c\u00f3w Krakowa w czasach II wojny \u015bwiatowej. Pierwsza perspektywa prezentuje \u017cycie ...\",\"breadcrumb\":{\"@id\":\"https:\/\/ajcontemporary.com\/pl\/projekty\/getto-krakowskie\/#breadcrumb\"},\"inLanguage\":\"pl-PL\",\"potentialAction\":[{\"@type\":\"ReadAction\",\"target\":[\"https:\/\/ajcontemporary.com\/pl\/projekty\/getto-krakowskie\/\"]}]},{\"@type\":\"ImageObject\",\"inLanguage\":\"pl-PL\",\"@id\":\"https:\/\/ajcontemporary.com\/pl\/projekty\/getto-krakowskie\/#primaryimage\",\"url\":\"https:\/\/ajcontemporary.com\/pl\/wp-content\/uploads\/2024\/01\/Adam-Mikolajczyk.jpg\",\"contentUrl\":\"https:\/\/ajcontemporary.com\/pl\/wp-content\/uploads\/2024\/01\/Adam-Mikolajczyk.jpg\",\"width\":1000,\"height\":667,\"caption\":\"fot. Adam Miko\u0142ajczyk\"},{\"@type\":\"BreadcrumbList\",\"@id\":\"https:\/\/ajcontemporary.com\/pl\/projekty\/getto-krakowskie\/#breadcrumb\",\"itemListElement\":[{\"@type\":\"ListItem\",\"position\":1,\"name\":\"Home\",\"item\":\"https:\/\/ajcontemporary.com\/pl\/\"},{\"@type\":\"ListItem\",\"position\":2,\"name\":\"Projekty\",\"item\":\"https:\/\/ajcontemporary.com\/pl\/projekty\/\"},{\"@type\":\"ListItem\",\"position\":3,\"name\":\"GETTO KRAKOWSKIE\"}]},{\"@type\":\"WebSite\",\"@id\":\"https:\/\/ajcontemporary.com\/pl\/#website\",\"url\":\"https:\/\/ajcontemporary.com\/pl\/\",\"name\":\"ajcontemporary.com\/pl\",\"description\":\"Dancer&amp;Choreographer\",\"publisher\":{\"@id\":\"https:\/\/ajcontemporary.com\/pl\/#organization\"},\"potentialAction\":[{\"@type\":\"SearchAction\",\"target\":{\"@type\":\"EntryPoint\",\"urlTemplate\":\"https:\/\/ajcontemporary.com\/pl\/?s={search_term_string}\"},\"query-input\":{\"@type\":\"PropertyValueSpecification\",\"valueRequired\":true,\"valueName\":\"search_term_string\"}}],\"inLanguage\":\"pl-PL\"},{\"@type\":\"Organization\",\"@id\":\"https:\/\/ajcontemporary.com\/pl\/#organization\",\"name\":\"Roll&Roll - SUSHI | RAMEN | BAR\",\"url\":\"https:\/\/ajcontemporary.com\/pl\/\",\"logo\":{\"@type\":\"ImageObject\",\"inLanguage\":\"pl-PL\",\"@id\":\"https:\/\/ajcontemporary.com\/pl\/#\/schema\/logo\/image\/\",\"url\":\"\",\"contentUrl\":\"\",\"caption\":\"Roll&Roll - SUSHI | RAMEN | BAR\"},\"image\":{\"@id\":\"https:\/\/ajcontemporary.com\/pl\/#\/schema\/logo\/image\/\"}}]}<\/script>\n<!-- \/ Yoast SEO plugin. -->","yoast_head_json":{"title":"GETTO KRAKOWSKIE - ajcontemporary.com\/pl","description":"Getto krakowskie ukazuje kontrast \u017cycia mieszka\u0144c\u00f3w Krakowa w czasach II wojny \u015bwiatowej. Pierwsza perspektywa prezentuje \u017cycie ...","robots":{"index":"index","follow":"follow","max-snippet":"max-snippet:-1","max-image-preview":"max-image-preview:large","max-video-preview":"max-video-preview:-1"},"canonical":"https:\/\/ajcontemporary.com\/pl\/projekty\/getto-krakowskie\/","og_locale":"pl_PL","og_type":"article","og_title":"GETTO KRAKOWSKIE - ajcontemporary.com\/pl","og_description":"Getto krakowskie ukazuje kontrast \u017cycia mieszka\u0144c\u00f3w Krakowa w czasach II wojny \u015bwiatowej. Pierwsza perspektywa prezentuje \u017cycie ...","og_url":"https:\/\/ajcontemporary.com\/pl\/projekty\/getto-krakowskie\/","og_site_name":"ajcontemporary.com\/pl","article_modified_time":"2024-04-18T18:00:11+00:00","og_image":[{"width":1000,"height":667,"url":"https:\/\/ajcontemporary.com\/pl\/wp-content\/uploads\/2024\/01\/Adam-Mikolajczyk.jpg","type":"image\/jpeg"}],"twitter_card":"summary_large_image","twitter_misc":{"Szacowany czas czytania":"5 minut"},"schema":{"@context":"https:\/\/schema.org","@graph":[{"@type":"WebPage","@id":"https:\/\/ajcontemporary.com\/pl\/projekty\/getto-krakowskie\/","url":"https:\/\/ajcontemporary.com\/pl\/projekty\/getto-krakowskie\/","name":"GETTO KRAKOWSKIE - ajcontemporary.com\/pl","isPartOf":{"@id":"https:\/\/ajcontemporary.com\/pl\/#website"},"primaryImageOfPage":{"@id":"https:\/\/ajcontemporary.com\/pl\/projekty\/getto-krakowskie\/#primaryimage"},"image":{"@id":"https:\/\/ajcontemporary.com\/pl\/projekty\/getto-krakowskie\/#primaryimage"},"thumbnailUrl":"https:\/\/ajcontemporary.com\/pl\/wp-content\/uploads\/2024\/01\/Adam-Mikolajczyk.jpg","datePublished":"2024-01-29T19:38:06+00:00","dateModified":"2024-04-18T18:00:11+00:00","description":"Getto krakowskie ukazuje kontrast \u017cycia mieszka\u0144c\u00f3w Krakowa w czasach II wojny \u015bwiatowej. Pierwsza perspektywa prezentuje \u017cycie ...","breadcrumb":{"@id":"https:\/\/ajcontemporary.com\/pl\/projekty\/getto-krakowskie\/#breadcrumb"},"inLanguage":"pl-PL","potentialAction":[{"@type":"ReadAction","target":["https:\/\/ajcontemporary.com\/pl\/projekty\/getto-krakowskie\/"]}]},{"@type":"ImageObject","inLanguage":"pl-PL","@id":"https:\/\/ajcontemporary.com\/pl\/projekty\/getto-krakowskie\/#primaryimage","url":"https:\/\/ajcontemporary.com\/pl\/wp-content\/uploads\/2024\/01\/Adam-Mikolajczyk.jpg","contentUrl":"https:\/\/ajcontemporary.com\/pl\/wp-content\/uploads\/2024\/01\/Adam-Mikolajczyk.jpg","width":1000,"height":667,"caption":"fot. Adam Miko\u0142ajczyk"},{"@type":"BreadcrumbList","@id":"https:\/\/ajcontemporary.com\/pl\/projekty\/getto-krakowskie\/#breadcrumb","itemListElement":[{"@type":"ListItem","position":1,"name":"Home","item":"https:\/\/ajcontemporary.com\/pl\/"},{"@type":"ListItem","position":2,"name":"Projekty","item":"https:\/\/ajcontemporary.com\/pl\/projekty\/"},{"@type":"ListItem","position":3,"name":"GETTO KRAKOWSKIE"}]},{"@type":"WebSite","@id":"https:\/\/ajcontemporary.com\/pl\/#website","url":"https:\/\/ajcontemporary.com\/pl\/","name":"ajcontemporary.com\/pl","description":"Dancer&amp;Choreographer","publisher":{"@id":"https:\/\/ajcontemporary.com\/pl\/#organization"},"potentialAction":[{"@type":"SearchAction","target":{"@type":"EntryPoint","urlTemplate":"https:\/\/ajcontemporary.com\/pl\/?s={search_term_string}"},"query-input":{"@type":"PropertyValueSpecification","valueRequired":true,"valueName":"search_term_string"}}],"inLanguage":"pl-PL"},{"@type":"Organization","@id":"https:\/\/ajcontemporary.com\/pl\/#organization","name":"Roll&Roll - SUSHI | RAMEN | BAR","url":"https:\/\/ajcontemporary.com\/pl\/","logo":{"@type":"ImageObject","inLanguage":"pl-PL","@id":"https:\/\/ajcontemporary.com\/pl\/#\/schema\/logo\/image\/","url":"","contentUrl":"","caption":"Roll&Roll - SUSHI | RAMEN | BAR"},"image":{"@id":"https:\/\/ajcontemporary.com\/pl\/#\/schema\/logo\/image\/"}}]}},"_links":{"self":[{"href":"https:\/\/ajcontemporary.com\/pl\/wp-json\/wp\/v2\/pages\/235176","targetHints":{"allow":["GET"]}}],"collection":[{"href":"https:\/\/ajcontemporary.com\/pl\/wp-json\/wp\/v2\/pages"}],"about":[{"href":"https:\/\/ajcontemporary.com\/pl\/wp-json\/wp\/v2\/types\/page"}],"author":[{"embeddable":true,"href":"https:\/\/ajcontemporary.com\/pl\/wp-json\/wp\/v2\/users\/1"}],"replies":[{"embeddable":true,"href":"https:\/\/ajcontemporary.com\/pl\/wp-json\/wp\/v2\/comments?post=235176"}],"version-history":[{"count":28,"href":"https:\/\/ajcontemporary.com\/pl\/wp-json\/wp\/v2\/pages\/235176\/revisions"}],"predecessor-version":[{"id":235704,"href":"https:\/\/ajcontemporary.com\/pl\/wp-json\/wp\/v2\/pages\/235176\/revisions\/235704"}],"up":[{"embeddable":true,"href":"https:\/\/ajcontemporary.com\/pl\/wp-json\/wp\/v2\/pages\/235076"}],"wp:featuredmedia":[{"embeddable":true,"href":"https:\/\/ajcontemporary.com\/pl\/wp-json\/wp\/v2\/media\/235161"}],"wp:attachment":[{"href":"https:\/\/ajcontemporary.com\/pl\/wp-json\/wp\/v2\/media?parent=235176"}],"curies":[{"name":"wp","href":"https:\/\/api.w.org\/{rel}","templated":true}]}}