{"id":234891,"date":"2023-08-14T15:47:54","date_gmt":"2023-08-14T14:47:54","guid":{"rendered":"https:\/\/ajcontemporary.com\/pl\/?page_id=234891"},"modified":"2024-06-06T18:48:07","modified_gmt":"2024-06-06T16:48:07","slug":"bio","status":"publish","type":"page","link":"https:\/\/ajcontemporary.com\/pl\/bio\/","title":{"rendered":"Bio"},"content":{"rendered":"<p>[et_pb_section fb_built=&#8221;1&#8243; admin_label=&#8221;Header&#8221; module_class=&#8221;under-menu&#8221; _builder_version=&#8221;4.24.3&#8243; _module_preset=&#8221;default&#8221; custom_margin=&#8221;||0px||false|false&#8221; custom_padding=&#8221;||0px||false|false&#8221; collapsed=&#8221;on&#8221; global_colors_info=&#8221;{}&#8221;][et_pb_row _builder_version=&#8221;4.21.0&#8243; _module_preset=&#8221;default&#8221; width=&#8221;70%&#8221; global_colors_info=&#8221;{}&#8221;][et_pb_column type=&#8221;4_4&#8243; _builder_version=&#8221;4.20.0&#8243; _module_preset=&#8221;default&#8221; global_colors_info=&#8221;{}&#8221;][et_pb_image src=&#8221;https:\/\/ajcontemporary.com\/pl\/wp-content\/uploads\/2023\/08\/jachym1.jpg&#8221; title_text=&#8221;jachym1&#8243; align=&#8221;center&#8221; _builder_version=&#8221;4.24.2&#8243; _module_preset=&#8221;default&#8221; module_alignment=&#8221;center&#8221; min_height=&#8221;300px&#8221; max_height=&#8221;60vh&#8221; custom_margin=&#8221;||50px||false|false&#8221; global_colors_info=&#8221;{}&#8221;][\/et_pb_image][et_pb_text _builder_version=&#8221;4.22.2&#8243; _module_preset=&#8221;f481d047-11cb-4a52-8542-8dd205a8bd24&#8243; custom_margin=&#8221;||||false|false&#8221; global_colors_info=&#8221;{}&#8221;]<\/p>\n<p><span><strong><\/strong><\/span><\/p>\n<p><span><b>Agnieszka Jachym<\/b><\/span><span style=\"font-weight: 400;\"> jest tancerk\u0105 i choreografk\u0105, absolwentk\u0105 Studia Baletowego Opery Krakowskiej oraz Og\u00f3lnokszta\u0142c\u0105cej Szko\u0142y Baletowej im. Ludomira R\u00f3\u017cyckiego w Bytomiu.<br \/><\/span><span style=\"font-weight: 400;\">Po uzyskaniu dyplomu<\/span> <span style=\"font-weight: 400;\">zawodowej tancerki w\u00a02012, bra\u0142a udzia\u0142 w\u00a0projektach Temporaere Theater w\u00a0Berlinie i\u00a0Dre\u017anie. Wyst\u0105pi\u0142a tak\u017ce w\u00a0spektaklu <\/span><i><span style=\"font-weight: 400;\">No Sacre<\/span><\/i><span style=\"font-weight: 400;\"> Ismaela Ivo na ImPulsTanz oraz w\u00a0Sao Paulo.<br \/><\/span><span style=\"font-weight: 400;\">W\u00a0latach 2014-2017 by\u0142a tancerk\u0105 w\u00a0Stadttheater Giessen.<br \/><\/span><span style=\"font-weight: 400;\">W\u00a02018 <\/span><span style=\"font-weight: 400;\">roku, w\u00a0Teatrze Nowym Proxima<\/span><span style=\"font-weight: 400;\"> mia\u0142a miejsce premiera jej spektaklu teatru ta\u0144ca <\/span><i><span style=\"font-weight: 400;\">Getto krakowskie<\/span><\/i><span style=\"font-weight: 400;\">. Wyst\u0105pi\u0142a w\u00a0choreografii <\/span><i><span style=\"font-weight: 400;\">solar storm<\/span><\/i><span style=\"font-weight: 400;\"> Johannesa Wielanda, a\u00a0tak\u017ce w\u00a0operze <\/span><i><span style=\"font-weight: 400;\">Alcina<\/span><\/i><span style=\"font-weight: 400;\"> w\u00a0re\u017cyserii <\/span><span style=\"font-weight: 400;\">Christofa Loya<\/span><span style=\"font-weight: 400;\"> w\u00a0Staatsoper Hamburg.<br \/><\/span><span style=\"font-weight: 400;\">Jej solo choreografia <\/span><i><span style=\"font-weight: 400;\">Naj<\/span><\/i> <span style=\"font-weight: 400;\">zdoby\u0142a II nagrod\u0119 na Mi\u0119dzynarodowym Festiwalu Teatr\u00f3w Ta\u0144ca<\/span><span style=\"font-weight: 400;\"> SCENA OTWARTA 2018 w\u00a0Tarnowie. Choreografka zaprezentowa\u0142a j\u0105 r\u00f3wnie\u017c podczas Sola Dance Contest w\u00a0Gda\u0144sku w\u00a02019, a\u00a0tak\u017ce w\u00a0ramach <\/span><i><span style=\"font-weight: 400;\">M\u0142odej Polski<\/span><\/i><span style=\"font-weight: 400;\"> na 23. Mi\u0119dzynarodowych Spotkaniach Teatr\u00f3w Ta\u0144ca w\u00a0Lublinie.<br \/><\/span><span style=\"font-weight: 400;\">W\u00a0latach <\/span><span style=\"font-weight: 400;\">2019-2021 pracowa\u0142a jako tancerka i\u00a0koordynatorka unijnego projektu <\/span><i><span style=\"font-weight: 400;\">CLASH! When classic and contemporary dance collide and new forms emerge <\/span><\/i><span style=\"font-weight: 400;\">w\u00a0Polskim Teatrze Ta\u0144ca. Tam wraz z\u00a0Jerzym Ka\u017amierczakiem oraz Zbigniewem Koci\u0119b\u0105 stworzy\u0142a choreografi\u0119 <\/span><i><span style=\"font-weight: 400;\">[dis]solution<\/span><\/i><span style=\"font-weight: 400;\"> dla Balletto di Roma. Wyst\u0105pi\u0142a r\u00f3wnie\u017c w spektaklu Teatru Telewizji <em>Inny \u015bwiat<\/em> w re\u017c. Igora Gorzkowskiego.<br \/><\/span><span style=\"font-weight: 400;\">Od 2021 wsp\u00f3\u0142pracuje z\u00a0Sasha Waltz &amp;\u00a0Guests, bior\u0105c udzia\u0142 w\u00a0<\/span><span style=\"font-weight: 400;\">r\u00f3\u017cnych <\/span><span style=\"font-weight: 400;\">produkcjach<\/span><span style=\"font-weight: 400;\">, takich jak <\/span><i><span style=\"font-weight: 400;\">In C<\/span><\/i><span style=\"font-weight: 400;\">, <\/span><i><span style=\"font-weight: 400;\">SYM-PHONIE MMXX<\/span><\/i><span style=\"font-weight: 400;\">, <\/span><i><span style=\"font-weight: 400;\">Kreatur<\/span><\/i><span style=\"font-weight: 400;\">.<br \/><\/span><span style=\"font-weight: 400;\">W\u00a02022 <\/span><span style=\"font-weight: 400;\">zosta\u0142a laureatk\u0105<\/span><span style=\"font-weight: 400;\"> Stypendium Tw\u00f3rczego Miasta Krakowa na realizacj\u0119 spektaklu <\/span><span style=\"font-weight: 400;\">teatru ta\u0144ca<\/span> <i><span style=\"font-weight: 400;\">G\u0141ODNI, <\/span><\/i><span style=\"font-weight: 400;\">kt\u00f3rego premiera odby\u0142a si\u0119 w\u00a0Teatrze \u0141a\u017ania Nowa. <\/span><span style=\"font-weight: 400;\">Otrzyma\u0142a tak\u017ce Certyfikat uprawniaj\u0105cy do nauczania materia\u0142u choreograficznego spektaklu <\/span><i><span style=\"font-weight: 400;\">In\u00a0C <\/span><\/i><span style=\"font-weight: 400;\">autorstwa<\/span> <span style=\"font-weight: 400;\">Sashy Waltz.<br \/><\/span><span><b><span style=\"font-weight: 400;\">W\u00a02023 wyst\u0105pi\u0142a w\u00a0<\/span><i><span style=\"font-weight: 400;\">The Symphony of The Whispering Walls<\/span><\/i><span style=\"font-weight: 400;\"> w\u00a0choreografii<\/span> <span style=\"font-weight: 400;\">Eriona Krui, a\u00a0tak\u017ce w\u00a0<\/span><i><span style=\"font-weight: 400;\">Lataj\u0105cym Holendrze<\/span><\/i><span style=\"font-weight: 400;\"> na Baltic Opera Festival.<\/span><\/b><\/span><\/p>\n<p>[\/et_pb_text][\/et_pb_column][\/et_pb_row][\/et_pb_section][et_pb_section fb_built=&#8221;1&#8243; disabled_on=&#8221;off|off|on&#8221; _builder_version=&#8221;4.24.3&#8243; _module_preset=&#8221;default&#8221; custom_margin=&#8221;0px||0px||false|false&#8221; custom_padding=&#8221;0px||0px||false|false&#8221; global_colors_info=&#8221;{}&#8221;][et_pb_row _builder_version=&#8221;4.24.3&#8243; _module_preset=&#8221;default&#8221; width=&#8221;100%&#8221; max_width=&#8221;100%&#8221; custom_margin=&#8221;0px||0px||false|false&#8221; custom_padding=&#8221;0px||0px||false|false&#8221; global_colors_info=&#8221;{}&#8221;][et_pb_column type=&#8221;4_4&#8243; _builder_version=&#8221;4.24.3&#8243; _module_preset=&#8221;default&#8221; global_colors_info=&#8221;{}&#8221;][et_pb_text disabled_on=&#8221;off|off|on&#8221; _builder_version=&#8221;4.24.3&#8243; _module_preset=&#8221;default&#8221; text_text_color=&#8221;#999999&#8243; text_font_size=&#8221;11px&#8221; max_width=&#8221;445px&#8221; module_alignment=&#8221;left&#8221; custom_margin=&#8221;80px||25px||false|false&#8221; custom_padding=&#8221;||0px|30px|false|false&#8221; global_colors_info=&#8221;{}&#8221;]<\/p>\n<p><a href=\"https:\/\/ajcontemporary.com\/pl\/polityka-prywatnosci\" target=\"_blank\" rel=\"noopener noreferrer\" style=\"font-weight: normal; color: #999; text-align: justify!important;\">Polityka Prywatno\u015bci<\/a> | <a href=\"https:\/\/ajcontemporary.com\/pl\/polityka-cookies\" target=\"_blank\" rel=\"noopener noreferrer\" style=\"font-weight: normal; color: #999; text-align: justify!important;\">Polityka cookies<\/a><\/p>\n<p>[\/et_pb_text][\/et_pb_column][\/et_pb_row][\/et_pb_section]<\/p>\n","protected":false},"excerpt":{"rendered":"<p>Agnieszka Jachym jest tancerk\u0105 i choreografk\u0105, absolwentk\u0105 Studia Baletowego Opery Krakowskiej oraz Og\u00f3lnokszta\u0142c\u0105cej Szko\u0142y Baletowej im. Ludomira R\u00f3\u017cyckiego w Bytomiu.Po uzyskaniu dyplomu zawodowej tancerki w\u00a02012, bra\u0142a udzia\u0142 w\u00a0projektach Temporaere Theater w\u00a0Berlinie i\u00a0Dre\u017anie. Wyst\u0105pi\u0142a tak\u017ce w\u00a0spektaklu No Sacre Ismaela Ivo na ImPulsTanz oraz w\u00a0Sao Paulo.W\u00a0latach 2014-2017 by\u0142a tancerk\u0105 w\u00a0Stadttheater Giessen.W\u00a02018 roku, w\u00a0Teatrze Nowym Proxima mia\u0142a miejsce [&hellip;]<\/p>\n","protected":false},"author":1,"featured_media":0,"parent":0,"menu_order":0,"comment_status":"closed","ping_status":"closed","template":"","meta":{"_et_pb_use_builder":"on","_et_pb_old_content":"","_et_gb_content_width":"","inline_featured_image":false,"footnotes":""},"class_list":["post-234891","page","type-page","status-publish","hentry"],"yoast_head":"<!-- This site is optimized with the Yoast SEO plugin v26.8 - https:\/\/yoast.com\/product\/yoast-seo-wordpress\/ -->\n<title>Bio - ajcontemporary.com\/pl<\/title>\n<meta name=\"description\" content=\"Agnieszka Jachym jest tancerk\u0105 i choreografk\u0105. Od 2021 roku wsp\u00f3\u0142pracuje z Sasha Waltz &amp; Guests w r\u00f3\u017cnych projektach.\" \/>\n<meta name=\"robots\" content=\"index, follow, max-snippet:-1, max-image-preview:large, max-video-preview:-1\" \/>\n<link rel=\"canonical\" href=\"https:\/\/ajcontemporary.com\/pl\/bio\/\" \/>\n<meta property=\"og:locale\" content=\"pl_PL\" \/>\n<meta property=\"og:type\" content=\"article\" \/>\n<meta property=\"og:title\" content=\"Bio - ajcontemporary.com\/pl\" \/>\n<meta property=\"og:description\" content=\"Agnieszka Jachym jest tancerk\u0105 i choreografk\u0105. Od 2021 roku wsp\u00f3\u0142pracuje z Sasha Waltz &amp; Guests w r\u00f3\u017cnych projektach.\" \/>\n<meta property=\"og:url\" content=\"https:\/\/ajcontemporary.com\/pl\/bio\/\" \/>\n<meta property=\"og:site_name\" content=\"ajcontemporary.com\/pl\" \/>\n<meta property=\"article:modified_time\" content=\"2024-06-06T16:48:07+00:00\" \/>\n<meta name=\"twitter:card\" content=\"summary_large_image\" \/>\n<meta name=\"twitter:label1\" content=\"Szacowany czas czytania\" \/>\n\t<meta name=\"twitter:data1\" content=\"2 minuty\" \/>\n<script type=\"application\/ld+json\" class=\"yoast-schema-graph\">{\"@context\":\"https:\/\/schema.org\",\"@graph\":[{\"@type\":\"WebPage\",\"@id\":\"https:\/\/ajcontemporary.com\/pl\/bio\/\",\"url\":\"https:\/\/ajcontemporary.com\/pl\/bio\/\",\"name\":\"Bio - ajcontemporary.com\/pl\",\"isPartOf\":{\"@id\":\"https:\/\/ajcontemporary.com\/pl\/#website\"},\"datePublished\":\"2023-08-14T14:47:54+00:00\",\"dateModified\":\"2024-06-06T16:48:07+00:00\",\"description\":\"Agnieszka Jachym jest tancerk\u0105 i choreografk\u0105. Od 2021 roku wsp\u00f3\u0142pracuje z Sasha Waltz & Guests w r\u00f3\u017cnych projektach.\",\"breadcrumb\":{\"@id\":\"https:\/\/ajcontemporary.com\/pl\/bio\/#breadcrumb\"},\"inLanguage\":\"pl-PL\",\"potentialAction\":[{\"@type\":\"ReadAction\",\"target\":[\"https:\/\/ajcontemporary.com\/pl\/bio\/\"]}]},{\"@type\":\"BreadcrumbList\",\"@id\":\"https:\/\/ajcontemporary.com\/pl\/bio\/#breadcrumb\",\"itemListElement\":[{\"@type\":\"ListItem\",\"position\":1,\"name\":\"Home\",\"item\":\"https:\/\/ajcontemporary.com\/pl\/\"},{\"@type\":\"ListItem\",\"position\":2,\"name\":\"Bio\"}]},{\"@type\":\"WebSite\",\"@id\":\"https:\/\/ajcontemporary.com\/pl\/#website\",\"url\":\"https:\/\/ajcontemporary.com\/pl\/\",\"name\":\"ajcontemporary.com\/pl\",\"description\":\"Dancer&amp;Choreographer\",\"publisher\":{\"@id\":\"https:\/\/ajcontemporary.com\/pl\/#organization\"},\"potentialAction\":[{\"@type\":\"SearchAction\",\"target\":{\"@type\":\"EntryPoint\",\"urlTemplate\":\"https:\/\/ajcontemporary.com\/pl\/?s={search_term_string}\"},\"query-input\":{\"@type\":\"PropertyValueSpecification\",\"valueRequired\":true,\"valueName\":\"search_term_string\"}}],\"inLanguage\":\"pl-PL\"},{\"@type\":\"Organization\",\"@id\":\"https:\/\/ajcontemporary.com\/pl\/#organization\",\"name\":\"Roll&Roll - SUSHI | RAMEN | BAR\",\"url\":\"https:\/\/ajcontemporary.com\/pl\/\",\"logo\":{\"@type\":\"ImageObject\",\"inLanguage\":\"pl-PL\",\"@id\":\"https:\/\/ajcontemporary.com\/pl\/#\/schema\/logo\/image\/\",\"url\":\"\",\"contentUrl\":\"\",\"caption\":\"Roll&Roll - SUSHI | RAMEN | BAR\"},\"image\":{\"@id\":\"https:\/\/ajcontemporary.com\/pl\/#\/schema\/logo\/image\/\"}}]}<\/script>\n<!-- \/ Yoast SEO plugin. -->","yoast_head_json":{"title":"Bio - ajcontemporary.com\/pl","description":"Agnieszka Jachym jest tancerk\u0105 i choreografk\u0105. Od 2021 roku wsp\u00f3\u0142pracuje z Sasha Waltz & Guests w r\u00f3\u017cnych projektach.","robots":{"index":"index","follow":"follow","max-snippet":"max-snippet:-1","max-image-preview":"max-image-preview:large","max-video-preview":"max-video-preview:-1"},"canonical":"https:\/\/ajcontemporary.com\/pl\/bio\/","og_locale":"pl_PL","og_type":"article","og_title":"Bio - ajcontemporary.com\/pl","og_description":"Agnieszka Jachym jest tancerk\u0105 i choreografk\u0105. Od 2021 roku wsp\u00f3\u0142pracuje z Sasha Waltz & Guests w r\u00f3\u017cnych projektach.","og_url":"https:\/\/ajcontemporary.com\/pl\/bio\/","og_site_name":"ajcontemporary.com\/pl","article_modified_time":"2024-06-06T16:48:07+00:00","twitter_card":"summary_large_image","twitter_misc":{"Szacowany czas czytania":"2 minuty"},"schema":{"@context":"https:\/\/schema.org","@graph":[{"@type":"WebPage","@id":"https:\/\/ajcontemporary.com\/pl\/bio\/","url":"https:\/\/ajcontemporary.com\/pl\/bio\/","name":"Bio - ajcontemporary.com\/pl","isPartOf":{"@id":"https:\/\/ajcontemporary.com\/pl\/#website"},"datePublished":"2023-08-14T14:47:54+00:00","dateModified":"2024-06-06T16:48:07+00:00","description":"Agnieszka Jachym jest tancerk\u0105 i choreografk\u0105. Od 2021 roku wsp\u00f3\u0142pracuje z Sasha Waltz & Guests w r\u00f3\u017cnych projektach.","breadcrumb":{"@id":"https:\/\/ajcontemporary.com\/pl\/bio\/#breadcrumb"},"inLanguage":"pl-PL","potentialAction":[{"@type":"ReadAction","target":["https:\/\/ajcontemporary.com\/pl\/bio\/"]}]},{"@type":"BreadcrumbList","@id":"https:\/\/ajcontemporary.com\/pl\/bio\/#breadcrumb","itemListElement":[{"@type":"ListItem","position":1,"name":"Home","item":"https:\/\/ajcontemporary.com\/pl\/"},{"@type":"ListItem","position":2,"name":"Bio"}]},{"@type":"WebSite","@id":"https:\/\/ajcontemporary.com\/pl\/#website","url":"https:\/\/ajcontemporary.com\/pl\/","name":"ajcontemporary.com\/pl","description":"Dancer&amp;Choreographer","publisher":{"@id":"https:\/\/ajcontemporary.com\/pl\/#organization"},"potentialAction":[{"@type":"SearchAction","target":{"@type":"EntryPoint","urlTemplate":"https:\/\/ajcontemporary.com\/pl\/?s={search_term_string}"},"query-input":{"@type":"PropertyValueSpecification","valueRequired":true,"valueName":"search_term_string"}}],"inLanguage":"pl-PL"},{"@type":"Organization","@id":"https:\/\/ajcontemporary.com\/pl\/#organization","name":"Roll&Roll - SUSHI | RAMEN | BAR","url":"https:\/\/ajcontemporary.com\/pl\/","logo":{"@type":"ImageObject","inLanguage":"pl-PL","@id":"https:\/\/ajcontemporary.com\/pl\/#\/schema\/logo\/image\/","url":"","contentUrl":"","caption":"Roll&Roll - SUSHI | RAMEN | BAR"},"image":{"@id":"https:\/\/ajcontemporary.com\/pl\/#\/schema\/logo\/image\/"}}]}},"_links":{"self":[{"href":"https:\/\/ajcontemporary.com\/pl\/wp-json\/wp\/v2\/pages\/234891","targetHints":{"allow":["GET"]}}],"collection":[{"href":"https:\/\/ajcontemporary.com\/pl\/wp-json\/wp\/v2\/pages"}],"about":[{"href":"https:\/\/ajcontemporary.com\/pl\/wp-json\/wp\/v2\/types\/page"}],"author":[{"embeddable":true,"href":"https:\/\/ajcontemporary.com\/pl\/wp-json\/wp\/v2\/users\/1"}],"replies":[{"embeddable":true,"href":"https:\/\/ajcontemporary.com\/pl\/wp-json\/wp\/v2\/comments?post=234891"}],"version-history":[{"count":31,"href":"https:\/\/ajcontemporary.com\/pl\/wp-json\/wp\/v2\/pages\/234891\/revisions"}],"predecessor-version":[{"id":235727,"href":"https:\/\/ajcontemporary.com\/pl\/wp-json\/wp\/v2\/pages\/234891\/revisions\/235727"}],"wp:attachment":[{"href":"https:\/\/ajcontemporary.com\/pl\/wp-json\/wp\/v2\/media?parent=234891"}],"curies":[{"name":"wp","href":"https:\/\/api.w.org\/{rel}","templated":true}]}}